{"id":1530,"date":"2022-03-22T23:06:40","date_gmt":"2022-03-22T23:06:40","guid":{"rendered":"https:\/\/chiloe.digital\/aspal\/?page_id=1530"},"modified":"2022-03-23T21:49:22","modified_gmt":"2022-03-23T21:49:22","slug":"ampliacion-sede-comunitaria-poniente","status":"publish","type":"page","link":"https:\/\/chiloe.digital\/aspal\/ampliacion-sede-comunitaria-poniente\/","title":{"rendered":"Ampliaci\u00f3n SEDE COMUNITARIA PONIENTE"},"content":{"rendered":"\n<h3>Ampliaci\u00f3n<br>\n<strong>SEDE COMUNITARIA PONIENTE<\/strong><\/h3>\n\t\t\t<img decoding=\"async\" loading=\"false\" src=\"https:\/\/chiloe.digital\/aspal\/wp-content\/uploads\/sites\/8\/2022\/03\/43.jpg\" alt=\"\">\t\t\t\n\t\t\t<img decoding=\"async\" loading=\"false\" src=\"https:\/\/chiloe.digital\/aspal\/wp-content\/uploads\/sites\/8\/2022\/03\/44.jpg\" alt=\"\">\t\t\t\n\t\t\t<img decoding=\"async\" loading=\"false\" src=\"https:\/\/chiloe.digital\/aspal\/wp-content\/uploads\/sites\/8\/2022\/03\/45.jpg\" alt=\"\">\t\t\t\n\t\t<h3>Detalle de Obra<\/h3>\t\t\n\t\t\t<p><strong>Remodelaci\u00f3n y ampliaci\u00f3n<\/strong> de edificaci\u00f3n existente para transformarla en sede comunitaria. <strong>Estructuraci\u00f3n en segundo piso<\/strong> formada por tabiquer\u00eda y estructura de cubierta en Metalcon, losa en hormig\u00f3n y escalera en estructura met\u00e1lica con terminaci\u00f3n en madera.<\/p>\n<p>Ventanas en aluminio vidrio, cielos de fibra del tipo americano y pavimentos en pisoflotante.<\/p>\nLa tabiquer\u00eda interior en Volcometal y aluminio vidrio.<br>\n<strong>Terminaci\u00f3n fachada:<\/strong> estructura quiebravistas .<br>\n<strong>Terminaci\u00f3n interior:<\/strong> pintura de muros y cielos, y de exterior de fachada. Nuevas instalaciones sanitarias y el\u00e9ctricas.\n<p><strong>Habitaci\u00f3n<\/strong> de ba\u00f1os y una plataforma salva escaleras para accesibilidad universal.<\/p>\n<p><strong>Exteriores:<\/strong> zona de descanso con asientos en obra, deck y jardineras.<\/p>\n\t<h4><strong>MANDANTE<\/strong><br>\nMunicipalidad de Huechuraba<br>\n<strong>SUPERFICIE<\/strong><br>\n157,5 m2<br>\n<strong>DIRECCI\u00d3N<\/strong><br>\nSan Pedro de Atacama 2058, Huechuraba.<\/h4>\n","protected":false},"excerpt":{"rendered":"<p>Ampliaci\u00f3n SEDE COMUNITARIA PONIENTE Detalle de Obra Remodelaci\u00f3n y ampliaci\u00f3n de edificaci\u00f3n existente para transformarla en sede comunitaria. Estructuraci\u00f3n en segundo piso formada por tabiquer\u00eda y estructura de cubierta en Metalcon, losa en hormig\u00f3n y escalera en estructura met\u00e1lica con terminaci\u00f3n en madera. Ventanas en aluminio vidrio, cielos de fibra del tipo americano y pavimentos [&hellip;]<\/p>\n","protected":false},"author":1,"featured_media":1343,"parent":0,"menu_order":0,"comment_status":"closed","ping_status":"closed","template":"","meta":{"om_disable_all_campaigns":false,"_mi_skip_tracking":false,"site-sidebar-layout":"default","site-content-layout":"page-builder","ast-site-content-layout":"default","site-content-style":"default","site-sidebar-style":"default","ast-global-header-display":"","ast-banner-title-visibility":"","ast-main-header-display":"","ast-hfb-above-header-display":"","ast-hfb-below-header-display":"","ast-hfb-mobile-header-display":"","site-post-title":"disabled","ast-breadcrumbs-content":"","ast-featured-img":"disabled","footer-sml-layout":"","ast-disable-related-posts":"","theme-transparent-header-meta":"","adv-header-id-meta":"","stick-header-meta":"","header-above-stick-meta":"","header-main-stick-meta":"","header-below-stick-meta":"","astra-migrate-meta-layouts":"default","ast-page-background-enabled":"default","ast-page-background-meta":{"desktop":{"background-color":"","background-image":"","background-repeat":"repeat","background-position":"center center","background-size":"auto","background-attachment":"scroll","background-type":"","background-media":"","overlay-type":"","overlay-color":"","overlay-opacity":"","overlay-gradient":""},"tablet":{"background-color":"","background-image":"","background-repeat":"repeat","background-position":"center center","background-size":"auto","background-attachment":"scroll","background-type":"","background-media":"","overlay-type":"","overlay-color":"","overlay-opacity":"","overlay-gradient":""},"mobile":{"background-color":"","background-image":"","background-repeat":"repeat","background-position":"center center","background-size":"auto","background-attachment":"scroll","background-type":"","background-media":"","overlay-type":"","overlay-color":"","overlay-opacity":"","overlay-gradient":""}},"ast-content-background-meta":{"desktop":{"background-color":"var(--ast-global-color-5)","background-image":"","background-repeat":"repeat","background-position":"center center","background-size":"auto","background-attachment":"scroll","background-type":"","background-media":"","overlay-type":"","overlay-color":"","overlay-opacity":"","overlay-gradient":""},"tablet":{"background-color":"var(--ast-global-color-5)","background-image":"","background-repeat":"repeat","background-position":"center center","background-size":"auto","background-attachment":"scroll","background-type":"","background-media":"","overlay-type":"","overlay-color":"","overlay-opacity":"","overlay-gradient":""},"mobile":{"background-color":"var(--ast-global-color-5)","background-image":"","background-repeat":"repeat","background-position":"center center","background-size":"auto","background-attachment":"scroll","background-type":"","background-media":"","overlay-type":"","overlay-color":"","overlay-opacity":"","overlay-gradient":""}},"footnotes":""},"class_list":["post-1530","page","type-page","status-publish","has-post-thumbnail","hentry"],"yoast_head":"<!-- This site is optimized with the Yoast SEO plugin v27.0 - https:\/\/yoast.com\/product\/yoast-seo-wordpress\/ -->\n<title>Ampliaci\u00f3n SEDE COMUNITARIA PONIENTE - Constructora ASPAL<\/title>\n<meta name=\"robots\" content=\"index, follow, max-snippet:-1, max-image-preview:large, max-video-preview:-1\" \/>\n<link rel=\"canonical\" href=\"https:\/\/chiloe.digital\/aspal\/ampliacion-sede-comunitaria-poniente\/\" \/>\n<meta property=\"og:locale\" content=\"es_ES\" \/>\n<meta property=\"og:type\" content=\"article\" \/>\n<meta property=\"og:title\" content=\"Ampliaci\u00f3n SEDE COMUNITARIA PONIENTE - Constructora ASPAL\" \/>\n<meta property=\"og:description\" content=\"Ampliaci\u00f3n SEDE COMUNITARIA PONIENTE Detalle de Obra Remodelaci\u00f3n y ampliaci\u00f3n de edificaci\u00f3n existente para transformarla en sede comunitaria. Estructuraci\u00f3n en segundo piso formada por tabiquer\u00eda y estructura de cubierta en Metalcon, losa en hormig\u00f3n y escalera en estructura met\u00e1lica con terminaci\u00f3n en madera. Ventanas en aluminio vidrio, cielos de fibra del tipo americano y pavimentos [&hellip;]\" \/>\n<meta property=\"og:url\" content=\"https:\/\/chiloe.digital\/aspal\/ampliacion-sede-comunitaria-poniente\/\" \/>\n<meta property=\"og:site_name\" content=\"Constructora ASPAL\" \/>\n<meta property=\"article:modified_time\" content=\"2022-03-23T21:49:22+00:00\" \/>\n<meta property=\"og:image\" content=\"https:\/\/chiloe.digital\/aspal\/wp-content\/uploads\/sites\/8\/2022\/03\/43.jpg\" \/>\n\t<meta property=\"og:image:width\" content=\"660\" \/>\n\t<meta property=\"og:image:height\" content=\"586\" \/>\n\t<meta property=\"og:image:type\" content=\"image\/jpeg\" \/>\n<meta name=\"twitter:card\" content=\"summary_large_image\" \/>\n<meta name=\"twitter:label1\" content=\"Tiempo de lectura\" \/>\n\t<meta name=\"twitter:data1\" content=\"1 minuto\" \/>\n<script type=\"application\/ld+json\" class=\"yoast-schema-graph\">{\"@context\":\"https:\/\/schema.org\",\"@graph\":[{\"@type\":\"WebPage\",\"@id\":\"https:\/\/chiloe.digital\/aspal\/ampliacion-sede-comunitaria-poniente\/\",\"url\":\"https:\/\/chiloe.digital\/aspal\/ampliacion-sede-comunitaria-poniente\/\",\"name\":\"Ampliaci\u00f3n SEDE COMUNITARIA PONIENTE - Constructora ASPAL\",\"isPartOf\":{\"@id\":\"https:\/\/chiloe.digital\/aspal\/#website\"},\"primaryImageOfPage\":{\"@id\":\"https:\/\/chiloe.digital\/aspal\/ampliacion-sede-comunitaria-poniente\/#primaryimage\"},\"image\":{\"@id\":\"https:\/\/chiloe.digital\/aspal\/ampliacion-sede-comunitaria-poniente\/#primaryimage\"},\"thumbnailUrl\":\"https:\/\/chiloe.digital\/aspal\/wp-content\/uploads\/sites\/8\/2022\/03\/43.jpg\",\"datePublished\":\"2022-03-22T23:06:40+00:00\",\"dateModified\":\"2022-03-23T21:49:22+00:00\",\"breadcrumb\":{\"@id\":\"https:\/\/chiloe.digital\/aspal\/ampliacion-sede-comunitaria-poniente\/#breadcrumb\"},\"inLanguage\":\"es\",\"potentialAction\":[{\"@type\":\"ReadAction\",\"target\":[\"https:\/\/chiloe.digital\/aspal\/ampliacion-sede-comunitaria-poniente\/\"]}]},{\"@type\":\"ImageObject\",\"inLanguage\":\"es\",\"@id\":\"https:\/\/chiloe.digital\/aspal\/ampliacion-sede-comunitaria-poniente\/#primaryimage\",\"url\":\"https:\/\/chiloe.digital\/aspal\/wp-content\/uploads\/sites\/8\/2022\/03\/43.jpg\",\"contentUrl\":\"https:\/\/chiloe.digital\/aspal\/wp-content\/uploads\/sites\/8\/2022\/03\/43.jpg\",\"width\":660,\"height\":586},{\"@type\":\"BreadcrumbList\",\"@id\":\"https:\/\/chiloe.digital\/aspal\/ampliacion-sede-comunitaria-poniente\/#breadcrumb\",\"itemListElement\":[{\"@type\":\"ListItem\",\"position\":1,\"name\":\"Portada\",\"item\":\"https:\/\/chiloe.digital\/aspal\/\"},{\"@type\":\"ListItem\",\"position\":2,\"name\":\"Ampliaci\u00f3n SEDE COMUNITARIA PONIENTE\"}]},{\"@type\":\"WebSite\",\"@id\":\"https:\/\/chiloe.digital\/aspal\/#website\",\"url\":\"https:\/\/chiloe.digital\/aspal\/\",\"name\":\"Constructora ASPAL\",\"description\":\"Materializamos tus Sue\u00f1os.\",\"publisher\":{\"@id\":\"https:\/\/chiloe.digital\/aspal\/#organization\"},\"potentialAction\":[{\"@type\":\"SearchAction\",\"target\":{\"@type\":\"EntryPoint\",\"urlTemplate\":\"https:\/\/chiloe.digital\/aspal\/?s={search_term_string}\"},\"query-input\":{\"@type\":\"PropertyValueSpecification\",\"valueRequired\":true,\"valueName\":\"search_term_string\"}}],\"inLanguage\":\"es\"},{\"@type\":\"Organization\",\"@id\":\"https:\/\/chiloe.digital\/aspal\/#organization\",\"name\":\"Constructora ASPAL\",\"url\":\"https:\/\/chiloe.digital\/aspal\/\",\"logo\":{\"@type\":\"ImageObject\",\"inLanguage\":\"es\",\"@id\":\"https:\/\/chiloe.digital\/aspal\/#\/schema\/logo\/image\/\",\"url\":\"https:\/\/chiloe.digital\/aspal\/wp-content\/uploads\/sites\/8\/2022\/03\/cropped-cropped-aspal2.png\",\"contentUrl\":\"https:\/\/chiloe.digital\/aspal\/wp-content\/uploads\/sites\/8\/2022\/03\/cropped-cropped-aspal2.png\",\"width\":1017,\"height\":875,\"caption\":\"Constructora ASPAL\"},\"image\":{\"@id\":\"https:\/\/chiloe.digital\/aspal\/#\/schema\/logo\/image\/\"}}]}<\/script>\n<!-- \/ Yoast SEO plugin. -->","yoast_head_json":{"title":"Ampliaci\u00f3n SEDE COMUNITARIA PONIENTE - Constructora ASPAL","robots":{"index":"index","follow":"follow","max-snippet":"max-snippet:-1","max-image-preview":"max-image-preview:large","max-video-preview":"max-video-preview:-1"},"canonical":"https:\/\/chiloe.digital\/aspal\/ampliacion-sede-comunitaria-poniente\/","og_locale":"es_ES","og_type":"article","og_title":"Ampliaci\u00f3n SEDE COMUNITARIA PONIENTE - Constructora ASPAL","og_description":"Ampliaci\u00f3n SEDE COMUNITARIA PONIENTE Detalle de Obra Remodelaci\u00f3n y ampliaci\u00f3n de edificaci\u00f3n existente para transformarla en sede comunitaria. Estructuraci\u00f3n en segundo piso formada por tabiquer\u00eda y estructura de cubierta en Metalcon, losa en hormig\u00f3n y escalera en estructura met\u00e1lica con terminaci\u00f3n en madera. Ventanas en aluminio vidrio, cielos de fibra del tipo americano y pavimentos [&hellip;]","og_url":"https:\/\/chiloe.digital\/aspal\/ampliacion-sede-comunitaria-poniente\/","og_site_name":"Constructora ASPAL","article_modified_time":"2022-03-23T21:49:22+00:00","og_image":[{"width":660,"height":586,"url":"https:\/\/chiloe.digital\/aspal\/wp-content\/uploads\/sites\/8\/2022\/03\/43.jpg","type":"image\/jpeg"}],"twitter_card":"summary_large_image","twitter_misc":{"Tiempo de lectura":"1 minuto"},"schema":{"@context":"https:\/\/schema.org","@graph":[{"@type":"WebPage","@id":"https:\/\/chiloe.digital\/aspal\/ampliacion-sede-comunitaria-poniente\/","url":"https:\/\/chiloe.digital\/aspal\/ampliacion-sede-comunitaria-poniente\/","name":"Ampliaci\u00f3n SEDE COMUNITARIA PONIENTE - Constructora ASPAL","isPartOf":{"@id":"https:\/\/chiloe.digital\/aspal\/#website"},"primaryImageOfPage":{"@id":"https:\/\/chiloe.digital\/aspal\/ampliacion-sede-comunitaria-poniente\/#primaryimage"},"image":{"@id":"https:\/\/chiloe.digital\/aspal\/ampliacion-sede-comunitaria-poniente\/#primaryimage"},"thumbnailUrl":"https:\/\/chiloe.digital\/aspal\/wp-content\/uploads\/sites\/8\/2022\/03\/43.jpg","datePublished":"2022-03-22T23:06:40+00:00","dateModified":"2022-03-23T21:49:22+00:00","breadcrumb":{"@id":"https:\/\/chiloe.digital\/aspal\/ampliacion-sede-comunitaria-poniente\/#breadcrumb"},"inLanguage":"es","potentialAction":[{"@type":"ReadAction","target":["https:\/\/chiloe.digital\/aspal\/ampliacion-sede-comunitaria-poniente\/"]}]},{"@type":"ImageObject","inLanguage":"es","@id":"https:\/\/chiloe.digital\/aspal\/ampliacion-sede-comunitaria-poniente\/#primaryimage","url":"https:\/\/chiloe.digital\/aspal\/wp-content\/uploads\/sites\/8\/2022\/03\/43.jpg","contentUrl":"https:\/\/chiloe.digital\/aspal\/wp-content\/uploads\/sites\/8\/2022\/03\/43.jpg","width":660,"height":586},{"@type":"BreadcrumbList","@id":"https:\/\/chiloe.digital\/aspal\/ampliacion-sede-comunitaria-poniente\/#breadcrumb","itemListElement":[{"@type":"ListItem","position":1,"name":"Portada","item":"https:\/\/chiloe.digital\/aspal\/"},{"@type":"ListItem","position":2,"name":"Ampliaci\u00f3n SEDE COMUNITARIA PONIENTE"}]},{"@type":"WebSite","@id":"https:\/\/chiloe.digital\/aspal\/#website","url":"https:\/\/chiloe.digital\/aspal\/","name":"Constructora ASPAL","description":"Materializamos tus Sue\u00f1os.","publisher":{"@id":"https:\/\/chiloe.digital\/aspal\/#organization"},"potentialAction":[{"@type":"SearchAction","target":{"@type":"EntryPoint","urlTemplate":"https:\/\/chiloe.digital\/aspal\/?s={search_term_string}"},"query-input":{"@type":"PropertyValueSpecification","valueRequired":true,"valueName":"search_term_string"}}],"inLanguage":"es"},{"@type":"Organization","@id":"https:\/\/chiloe.digital\/aspal\/#organization","name":"Constructora ASPAL","url":"https:\/\/chiloe.digital\/aspal\/","logo":{"@type":"ImageObject","inLanguage":"es","@id":"https:\/\/chiloe.digital\/aspal\/#\/schema\/logo\/image\/","url":"https:\/\/chiloe.digital\/aspal\/wp-content\/uploads\/sites\/8\/2022\/03\/cropped-cropped-aspal2.png","contentUrl":"https:\/\/chiloe.digital\/aspal\/wp-content\/uploads\/sites\/8\/2022\/03\/cropped-cropped-aspal2.png","width":1017,"height":875,"caption":"Constructora ASPAL"},"image":{"@id":"https:\/\/chiloe.digital\/aspal\/#\/schema\/logo\/image\/"}}]}},"_links":{"self":[{"href":"https:\/\/chiloe.digital\/aspal\/wp-json\/wp\/v2\/pages\/1530","targetHints":{"allow":["GET"]}}],"collection":[{"href":"https:\/\/chiloe.digital\/aspal\/wp-json\/wp\/v2\/pages"}],"about":[{"href":"https:\/\/chiloe.digital\/aspal\/wp-json\/wp\/v2\/types\/page"}],"author":[{"embeddable":true,"href":"https:\/\/chiloe.digital\/aspal\/wp-json\/wp\/v2\/users\/1"}],"replies":[{"embeddable":true,"href":"https:\/\/chiloe.digital\/aspal\/wp-json\/wp\/v2\/comments?post=1530"}],"version-history":[{"count":4,"href":"https:\/\/chiloe.digital\/aspal\/wp-json\/wp\/v2\/pages\/1530\/revisions"}],"predecessor-version":[{"id":1562,"href":"https:\/\/chiloe.digital\/aspal\/wp-json\/wp\/v2\/pages\/1530\/revisions\/1562"}],"wp:featuredmedia":[{"embeddable":true,"href":"https:\/\/chiloe.digital\/aspal\/wp-json\/wp\/v2\/media\/1343"}],"wp:attachment":[{"href":"https:\/\/chiloe.digital\/aspal\/wp-json\/wp\/v2\/media?parent=1530"}],"curies":[{"name":"wp","href":"https:\/\/api.w.org\/{rel}","templated":true}]}}